{"id":4922,"date":"2026-05-01T06:04:10","date_gmt":"2026-05-01T05:04:10","guid":{"rendered":"https:\/\/www.touslesjourscurieux.fr\/?post_type=product&#038;p=4922"},"modified":"2026-05-01T16:12:11","modified_gmt":"2026-05-01T15:12:11","slug":"24-les-festivals-de-lete","status":"publish","type":"product","link":"https:\/\/www.touslesjourscurieux.fr\/en\/product\/24-les-festivals-de-lete","title":{"rendered":"#24 Les FESTIVALS DE L&#8217;\u00c9T\u00c9"},"content":{"rendered":"<h1>Le N24 de LIKE la revue<br \/>\nLes pr\u00e9ventes sont ouvertes\/Sortie nationale le 26 juin 2026.<\/h1>\n<h3>En librairie de 6 juillet 2026<\/h3>\n<h2>En couverture, Harry Gruyaert. Depuis plus d\u2019un demi-si\u00e8cle, Harry Gruyaert arpente New York et en r\u00e9v\u00e8le l\u2019\u00e9nergie singuli\u00e8re \u00e0 travers une \u0153uvre o\u00f9 la couleur devient langage. C\u00e9dric Klapisch, son ami de toujours, nous confie pourquoi il demeure le premier admirateur de son \u0153uvre. Partez \u00e0 la red\u00e9couverte de ce v\u00e9ritable ma\u00eetre de la couleur.<\/h2>\n<h3><em>Exposition Rencontres d\u2019Arles 2026.<\/em><br \/>\n<em>Livre \u00c9ditions exb 2026.<\/em><\/h3>\n<h3 data-start=\"670\" data-end=\"729\">\u2022David LaChapelle\/<em>Quarante ans de cr\u00e9ation.<\/em><br \/>\nConsommateur insatiable de culture pop, David LaChapelle puise son inspiration dans l\u2019histoire de l\u2019art, citant volontiers les poses h\u00e9rit\u00e9es de la Renaissance. \u00c0 l\u2019occasion de son grand retour en France, il se livre dans un entretien. exceptionnel.<\/h3>\n<h3><em>Exposition Portrait(s) Vichy 2026.<\/em><\/h3>\n<h3 data-start=\"670\" data-end=\"729\">\u2022Nicolas Bouvier\/<em>Photos du Japon<\/em><br \/>\nNicolas Bouvier (1929-1998), \u00e9crivain majeur de la litt\u00e9rature de voyage, utilise d\u00e8s ses premiers reportages, la photographie comme un carnet visuel. Mais c\u2019est en 1955, lors de sa d\u00e9couverte du Japon, que son approche s\u2019affine. Rencontre avec Nicolas Crispini le biographe de Nicolas Bouvier.<\/h3>\n<h3><em>Exposition Mus\u00e9e de Mont\u00e9limar 2026.<\/em><\/h3>\n<h3 data-start=\"670\" data-end=\"729\">\u2022Philippe Broussard\/<em>Le Photographe inconnu de l\u2019Occupation<\/em><br \/>\nD\u00e9couvrant un album de 377 photos exceptionnelles prises \u00e0 Paris pendant l\u2019Occupation, Philippe Broussard se lance pour Le Monde dans une enqu\u00eate vertigineuse sur l\u2019identit\u00e9 du photographe. Philippe Broussard nous raconte les coulisses de cette enqu\u00eate.<\/h3>\n<h3><em>Livre \u00c9ditions du Seuil 2026.<\/em><\/h3>\n<h3 data-start=\"670\" data-end=\"729\">\u2022Claudine Doury\/<em>Solstice<\/em><br \/>\nChaque 21 juin, de Saint-P\u00e9tersbourg \u00e0 Maloyaroslavets en Russie, sur l\u2019\u00eele du lac Ives au B\u00e9larus, ainsi qu\u2019\u00e0 Kaunas, Vilnius et dans les campagnes polonaises et lettones, Claudine Doury t\u00e9moigne de ce moment si particulier, aupr\u00e8s de ces peuples c\u00e9l\u00e9brant le retour de la lumi\u00e8re. Le grand Portfolio sur 18 pages.<\/h3>\n<h3><em>Exposition La Gacilly 2026.<\/em><\/h3>\n<h3 data-start=\"670\" data-end=\"729\">\u2022Jonathan Lambert\/<em>Qui a vol\u00e9 mes jambes?<\/em><br \/>\nUn roman-photo ? Plus que \u00e7a ! Cet ouvrage est un hommage au photographe surr\u00e9aliste Pierre Molinier. Un grand entretien avec Jonathan Lambert.<\/h3>\n<h3><em>Livre \u00c9ditions du Seuil 2026.<\/em><\/h3>\n<h3 data-start=\"670\" data-end=\"729\">\u2022John Vink\/<em>Sideline<\/em><br \/>\nEn tant que membre fondateur de l\u2019Agence VU\u2019, Vink a document\u00e9 les camps de r\u00e9fugi\u00e9s dans le monde entier. Il s\u2019est install\u00e9 au Cambodge en 2000, ce qui lui a permis de s\u2019engager plus profond\u00e9ment dans une seule culture. Le grand portrait.<\/h3>\n<h3><em>Livre Hannibal Editions 2026.<\/em><\/h3>\n<h3 data-start=\"670\" data-end=\"729\">\u2022<strong>Et d\u2019autres sujets. Num\u00e9ro sp\u00e9cial: Grands festivals de l\u2019\u00e9t\u00e9<\/strong><\/h3>\n<h2>En choisissant de pr\u00e9commander, vous exprimez un v\u00e9ritable geste de confiance. Vous soutenez une revue engag\u00e9e et ind\u00e9pendante. Merci pour votre cela.<\/h2>","protected":false},"excerpt":{"rendered":"<p>9,90\u20ac au lieu de 15\u20ac en librairie<\/p>","protected":false},"featured_media":4823,"comment_status":"closed","ping_status":"closed","template":"","meta":[],"product_brand":[],"product_cat":[28,19,27],"product_tag":[],"class_list":{"0":"post-4922","1":"product","2":"type-product","3":"status-publish","4":"has-post-thumbnail","6":"product_cat-les-photographes-prennent-la-parole","7":"product_cat-like-la-revue","8":"product_cat-revue-papier-de-photographie","9":"product_shipping_class-revue","11":"first","12":"instock","13":"taxable","14":"shipping-taxable","15":"purchasable","16":"product-type-simple"},"yoast_head":"<!-- This site is optimized with the Yoast SEO plugin v27.3 - https:\/\/yoast.com\/product\/yoast-seo-wordpress\/ -->\n<title>La pause pages<\/title>\n<meta name=\"description\" content=\"LIKE la revue, vous propose un num\u00e9ro enti\u00e8rement consacr\u00e9 aux plus beaux livres photo de l\u2019ann\u00e9e pour tous les amoureux d\u2019images et de papier.\" \/>\n<meta name=\"robots\" content=\"index, follow, max-snippet:-1, max-image-preview:large, max-video-preview:-1\" \/>\n<link rel=\"canonical\" href=\"https:\/\/www.touslesjourscurieux.fr\/en\/product\/24-les-festivals-de-lete\/\" \/>\n<meta property=\"og:locale\" content=\"en_US\" \/>\n<meta property=\"og:type\" content=\"article\" \/>\n<meta property=\"og:title\" content=\"La pause pages\" \/>\n<meta property=\"og:description\" content=\"LIKE la revue, vous propose un num\u00e9ro enti\u00e8rement consacr\u00e9 aux plus beaux livres photo de l\u2019ann\u00e9e pour tous les amoureux d\u2019images et de papier.\" \/>\n<meta property=\"og:url\" content=\"https:\/\/www.touslesjourscurieux.fr\/en\/product\/24-les-festivals-de-lete\/\" \/>\n<meta property=\"og:site_name\" content=\"LIKE la revue\" \/>\n<meta property=\"article:publisher\" content=\"https:\/\/www.facebook.com\/Touslesjourscurieux\" \/>\n<meta property=\"article:modified_time\" content=\"2026-05-01T15:12:11+00:00\" \/>\n<meta property=\"og:image\" content=\"https:\/\/www.touslesjourscurieux.fr\/wp-content\/uploads\/2026\/04\/REVUE-LIKE-N24.jpg\" \/>\n\t<meta property=\"og:image:width\" content=\"600\" \/>\n\t<meta property=\"og:image:height\" content=\"600\" \/>\n\t<meta property=\"og:image:type\" content=\"image\/jpeg\" \/>\n<meta name=\"twitter:card\" content=\"summary_large_image\" \/>\n<meta name=\"twitter:label1\" content=\"Est. reading time\" \/>\n\t<meta name=\"twitter:data1\" content=\"3 minutes\" \/>\n<script type=\"application\/ld+json\" class=\"yoast-schema-graph\">{\"@context\":\"https:\\\/\\\/schema.org\",\"@graph\":[{\"@type\":\"WebPage\",\"@id\":\"https:\\\/\\\/www.touslesjourscurieux.fr\\\/produit\\\/24-les-festivals-de-lete\",\"url\":\"https:\\\/\\\/www.touslesjourscurieux.fr\\\/produit\\\/24-les-festivals-de-lete\",\"name\":\"La pause pages\",\"isPartOf\":{\"@id\":\"https:\\\/\\\/www.touslesjourscurieux.fr\\\/#website\"},\"primaryImageOfPage\":{\"@id\":\"https:\\\/\\\/www.touslesjourscurieux.fr\\\/produit\\\/24-les-festivals-de-lete#primaryimage\"},\"image\":{\"@id\":\"https:\\\/\\\/www.touslesjourscurieux.fr\\\/produit\\\/24-les-festivals-de-lete#primaryimage\"},\"thumbnailUrl\":\"https:\\\/\\\/i0.wp.com\\\/www.touslesjourscurieux.fr\\\/wp-content\\\/uploads\\\/2026\\\/04\\\/REVUE-LIKE-N24.jpg?fit=600%2C600&ssl=1\",\"datePublished\":\"2026-05-01T05:04:10+00:00\",\"dateModified\":\"2026-05-01T15:12:11+00:00\",\"description\":\"LIKE la revue, vous propose un num\u00e9ro enti\u00e8rement consacr\u00e9 aux plus beaux livres photo de l\u2019ann\u00e9e pour tous les amoureux d\u2019images et de papier.\",\"breadcrumb\":{\"@id\":\"https:\\\/\\\/www.touslesjourscurieux.fr\\\/produit\\\/24-les-festivals-de-lete#breadcrumb\"},\"inLanguage\":\"en-US\",\"potentialAction\":[{\"@type\":\"ReadAction\",\"target\":[\"https:\\\/\\\/www.touslesjourscurieux.fr\\\/produit\\\/24-les-festivals-de-lete\"]}]},{\"@type\":\"ImageObject\",\"inLanguage\":\"en-US\",\"@id\":\"https:\\\/\\\/www.touslesjourscurieux.fr\\\/produit\\\/24-les-festivals-de-lete#primaryimage\",\"url\":\"https:\\\/\\\/i0.wp.com\\\/www.touslesjourscurieux.fr\\\/wp-content\\\/uploads\\\/2026\\\/04\\\/REVUE-LIKE-N24.jpg?fit=600%2C600&ssl=1\",\"contentUrl\":\"https:\\\/\\\/i0.wp.com\\\/www.touslesjourscurieux.fr\\\/wp-content\\\/uploads\\\/2026\\\/04\\\/REVUE-LIKE-N24.jpg?fit=600%2C600&ssl=1\",\"width\":600,\"height\":600,\"caption\":\"LIKE la revue N24\"},{\"@type\":\"BreadcrumbList\",\"@id\":\"https:\\\/\\\/www.touslesjourscurieux.fr\\\/produit\\\/24-les-festivals-de-lete#breadcrumb\",\"itemListElement\":[{\"@type\":\"ListItem\",\"position\":1,\"name\":\"Accueil\",\"item\":\"https:\\\/\\\/www.touslesjourscurieux.fr\\\/\"},{\"@type\":\"ListItem\",\"position\":2,\"name\":\"LIKE la Revue, la boutique\",\"item\":\"https:\\\/\\\/www.touslesjourscurieux.fr\\\/\"},{\"@type\":\"ListItem\",\"position\":3,\"name\":\"#24 Les FESTIVALS DE L&#8217;\u00c9T\u00c9\"}]},{\"@type\":\"WebSite\",\"@id\":\"https:\\\/\\\/www.touslesjourscurieux.fr\\\/#website\",\"url\":\"https:\\\/\\\/www.touslesjourscurieux.fr\\\/\",\"name\":\"LIKE la revue\",\"description\":\"petit format grandes photos\",\"publisher\":{\"@id\":\"https:\\\/\\\/www.touslesjourscurieux.fr\\\/#organization\"},\"potentialAction\":[{\"@type\":\"SearchAction\",\"target\":{\"@type\":\"EntryPoint\",\"urlTemplate\":\"https:\\\/\\\/www.touslesjourscurieux.fr\\\/?s={search_term_string}\"},\"query-input\":{\"@type\":\"PropertyValueSpecification\",\"valueRequired\":true,\"valueName\":\"search_term_string\"}}],\"inLanguage\":\"en-US\"},{\"@type\":\"Organization\",\"@id\":\"https:\\\/\\\/www.touslesjourscurieux.fr\\\/#organization\",\"name\":\"LIKE la revue\",\"url\":\"https:\\\/\\\/www.touslesjourscurieux.fr\\\/\",\"logo\":{\"@type\":\"ImageObject\",\"inLanguage\":\"en-US\",\"@id\":\"https:\\\/\\\/www.touslesjourscurieux.fr\\\/#\\\/schema\\\/logo\\\/image\\\/\",\"url\":\"https:\\\/\\\/i0.wp.com\\\/www.touslesjourscurieux.fr\\\/wp-content\\\/uploads\\\/2024\\\/09\\\/162305199_131399045654938_3947990576801447511_n.jpg?fit=942%2C514&ssl=1\",\"contentUrl\":\"https:\\\/\\\/i0.wp.com\\\/www.touslesjourscurieux.fr\\\/wp-content\\\/uploads\\\/2024\\\/09\\\/162305199_131399045654938_3947990576801447511_n.jpg?fit=942%2C514&ssl=1\",\"width\":942,\"height\":514,\"caption\":\"LIKE la revue\"},\"image\":{\"@id\":\"https:\\\/\\\/www.touslesjourscurieux.fr\\\/#\\\/schema\\\/logo\\\/image\\\/\"},\"sameAs\":[\"https:\\\/\\\/www.facebook.com\\\/Touslesjourscurieux\",\"http:\\\/\\\/instagram.com\\\/likelarevuetouslesjourscurieux\"]}]}<\/script>\n<!-- \/ Yoast SEO plugin. -->","yoast_head_json":{"title":"La pause pages","description":"LIKE la revue, vous propose un num\u00e9ro enti\u00e8rement consacr\u00e9 aux plus beaux livres photo de l\u2019ann\u00e9e pour tous les amoureux d\u2019images et de papier.","robots":{"index":"index","follow":"follow","max-snippet":"max-snippet:-1","max-image-preview":"max-image-preview:large","max-video-preview":"max-video-preview:-1"},"canonical":"https:\/\/www.touslesjourscurieux.fr\/en\/product\/24-les-festivals-de-lete\/","og_locale":"en_US","og_type":"article","og_title":"La pause pages","og_description":"LIKE la revue, vous propose un num\u00e9ro enti\u00e8rement consacr\u00e9 aux plus beaux livres photo de l\u2019ann\u00e9e pour tous les amoureux d\u2019images et de papier.","og_url":"https:\/\/www.touslesjourscurieux.fr\/en\/product\/24-les-festivals-de-lete\/","og_site_name":"LIKE la revue","article_publisher":"https:\/\/www.facebook.com\/Touslesjourscurieux","article_modified_time":"2026-05-01T15:12:11+00:00","og_image":[{"width":600,"height":600,"url":"https:\/\/www.touslesjourscurieux.fr\/wp-content\/uploads\/2026\/04\/REVUE-LIKE-N24.jpg","type":"image\/jpeg"}],"twitter_card":"summary_large_image","twitter_misc":{"Est. reading time":"3 minutes"},"schema":{"@context":"https:\/\/schema.org","@graph":[{"@type":"WebPage","@id":"https:\/\/www.touslesjourscurieux.fr\/produit\/24-les-festivals-de-lete","url":"https:\/\/www.touslesjourscurieux.fr\/produit\/24-les-festivals-de-lete","name":"La pause pages","isPartOf":{"@id":"https:\/\/www.touslesjourscurieux.fr\/#website"},"primaryImageOfPage":{"@id":"https:\/\/www.touslesjourscurieux.fr\/produit\/24-les-festivals-de-lete#primaryimage"},"image":{"@id":"https:\/\/www.touslesjourscurieux.fr\/produit\/24-les-festivals-de-lete#primaryimage"},"thumbnailUrl":"https:\/\/i0.wp.com\/www.touslesjourscurieux.fr\/wp-content\/uploads\/2026\/04\/REVUE-LIKE-N24.jpg?fit=600%2C600&ssl=1","datePublished":"2026-05-01T05:04:10+00:00","dateModified":"2026-05-01T15:12:11+00:00","description":"LIKE la revue, vous propose un num\u00e9ro enti\u00e8rement consacr\u00e9 aux plus beaux livres photo de l\u2019ann\u00e9e pour tous les amoureux d\u2019images et de papier.","breadcrumb":{"@id":"https:\/\/www.touslesjourscurieux.fr\/produit\/24-les-festivals-de-lete#breadcrumb"},"inLanguage":"en-US","potentialAction":[{"@type":"ReadAction","target":["https:\/\/www.touslesjourscurieux.fr\/produit\/24-les-festivals-de-lete"]}]},{"@type":"ImageObject","inLanguage":"en-US","@id":"https:\/\/www.touslesjourscurieux.fr\/produit\/24-les-festivals-de-lete#primaryimage","url":"https:\/\/i0.wp.com\/www.touslesjourscurieux.fr\/wp-content\/uploads\/2026\/04\/REVUE-LIKE-N24.jpg?fit=600%2C600&ssl=1","contentUrl":"https:\/\/i0.wp.com\/www.touslesjourscurieux.fr\/wp-content\/uploads\/2026\/04\/REVUE-LIKE-N24.jpg?fit=600%2C600&ssl=1","width":600,"height":600,"caption":"LIKE la revue N24"},{"@type":"BreadcrumbList","@id":"https:\/\/www.touslesjourscurieux.fr\/produit\/24-les-festivals-de-lete#breadcrumb","itemListElement":[{"@type":"ListItem","position":1,"name":"Accueil","item":"https:\/\/www.touslesjourscurieux.fr\/"},{"@type":"ListItem","position":2,"name":"LIKE la Revue, la boutique","item":"https:\/\/www.touslesjourscurieux.fr\/"},{"@type":"ListItem","position":3,"name":"#24 Les FESTIVALS DE L&#8217;\u00c9T\u00c9"}]},{"@type":"WebSite","@id":"https:\/\/www.touslesjourscurieux.fr\/#website","url":"https:\/\/www.touslesjourscurieux.fr\/","name":"LIKE la revue","description":"petit format grandes photos","publisher":{"@id":"https:\/\/www.touslesjourscurieux.fr\/#organization"},"potentialAction":[{"@type":"SearchAction","target":{"@type":"EntryPoint","urlTemplate":"https:\/\/www.touslesjourscurieux.fr\/?s={search_term_string}"},"query-input":{"@type":"PropertyValueSpecification","valueRequired":true,"valueName":"search_term_string"}}],"inLanguage":"en-US"},{"@type":"Organization","@id":"https:\/\/www.touslesjourscurieux.fr\/#organization","name":"LIKE la revue","url":"https:\/\/www.touslesjourscurieux.fr\/","logo":{"@type":"ImageObject","inLanguage":"en-US","@id":"https:\/\/www.touslesjourscurieux.fr\/#\/schema\/logo\/image\/","url":"https:\/\/i0.wp.com\/www.touslesjourscurieux.fr\/wp-content\/uploads\/2024\/09\/162305199_131399045654938_3947990576801447511_n.jpg?fit=942%2C514&ssl=1","contentUrl":"https:\/\/i0.wp.com\/www.touslesjourscurieux.fr\/wp-content\/uploads\/2024\/09\/162305199_131399045654938_3947990576801447511_n.jpg?fit=942%2C514&ssl=1","width":942,"height":514,"caption":"LIKE la revue"},"image":{"@id":"https:\/\/www.touslesjourscurieux.fr\/#\/schema\/logo\/image\/"},"sameAs":["https:\/\/www.facebook.com\/Touslesjourscurieux","http:\/\/instagram.com\/likelarevuetouslesjourscurieux"]}]}},"jetpack_sharing_enabled":true,"_links":{"self":[{"href":"https:\/\/www.touslesjourscurieux.fr\/en\/wp-json\/wp\/v2\/product\/4922","targetHints":{"allow":["GET"]}}],"collection":[{"href":"https:\/\/www.touslesjourscurieux.fr\/en\/wp-json\/wp\/v2\/product"}],"about":[{"href":"https:\/\/www.touslesjourscurieux.fr\/en\/wp-json\/wp\/v2\/types\/product"}],"replies":[{"embeddable":true,"href":"https:\/\/www.touslesjourscurieux.fr\/en\/wp-json\/wp\/v2\/comments?post=4922"}],"wp:featuredmedia":[{"embeddable":true,"href":"https:\/\/www.touslesjourscurieux.fr\/en\/wp-json\/wp\/v2\/media\/4823"}],"wp:attachment":[{"href":"https:\/\/www.touslesjourscurieux.fr\/en\/wp-json\/wp\/v2\/media?parent=4922"}],"wp:term":[{"taxonomy":"product_brand","embeddable":true,"href":"https:\/\/www.touslesjourscurieux.fr\/en\/wp-json\/wp\/v2\/product_brand?post=4922"},{"taxonomy":"product_cat","embeddable":true,"href":"https:\/\/www.touslesjourscurieux.fr\/en\/wp-json\/wp\/v2\/product_cat?post=4922"},{"taxonomy":"product_tag","embeddable":true,"href":"https:\/\/www.touslesjourscurieux.fr\/en\/wp-json\/wp\/v2\/product_tag?post=4922"}],"curies":[{"name":"wp","href":"https:\/\/api.w.org\/{rel}","templated":true}]}}